{"id":8605,"date":"2024-02-18T22:24:09","date_gmt":"2024-02-18T20:24:09","guid":{"rendered":"https:\/\/satakielikuukausi.fi\/?post_type=eventer&#038;p=8605"},"modified":"2024-02-18T22:24:10","modified_gmt":"2024-02-18T20:24:10","slug":"monikielinen-kirjanayttely-naiskirjailijoiden-teoksia","status":"publish","type":"eventer","link":"https:\/\/satakielikuukausi.fi\/sv\/tapahtuma\/monikielinen-kirjanayttely-naiskirjailijoiden-teoksia\/","title":{"rendered":"Monikielinen kirjan\u00e4yttely naiskirjailijoiden teoksia"},"content":{"rendered":"<p>Satakielikuukautena 21.2.- 21.3. juhlitaan kielellist\u00e4 moninaisuutta! Tikkurilan kirjastossa on esill\u00e4 monikielist\u00e4 kirjallisuutta viikot 10 ja 11! Eri maiden kirjallisuuteen keskittyv\u00e4\u00e4n n\u00e4yttelyyn on valikoitu Naistenp\u00e4iv\u00e4n 8.3. kunniaksi eri kielitaustaisten naiskirjailijoiden teoksia. Tervetuloa tutustumaan. Kaikki n\u00e4yttelyn kirjat on mahdollista lainata ja ottaa kotiin luettavaksi. N\u00e4yttelyn l\u00f6yd\u00e4t kirjaston portaikosta sek\u00e4 aikuisten osastolta 2. kerroksesta.<\/p>\n<p>N\u00e4yttely on avoinna 4.3.2024 klo 12.00 &#8211; 17.3.2024 klo 16.00, Tikkurilan kirjasto, Aikuisten osasto, 2. kerros.<\/p>\n<p><a href=\"https:\/\/www.helmet.fi\/Preview\/fi-FI\/Kirjastot_ja_palvelut\/Tikkurilan_kirjasto\/Tapahtumat\/Monikielinen_kirjanayttely(281144)\" target=\"_blank\" rel=\"noopener\">Linkki tapahtumaan<\/a><\/p>\n<p>Vapaa p\u00e4\u00e4sy, ei ilmoittautumista \/ Fritt intr\u00e4de, ingen f\u00f6rhandsanm\u00e4lan \/ Free entrance, no pre-subsciption.<\/p>\n","protected":false},"excerpt":{"rendered":"<p>Satakielikuukautena 21.2.- 21.3. juhlitaan kielellist\u00e4 moninaisuutta! Tikkurilan kirjastossa on esill\u00e4 monikielist\u00e4 kirjallisuutta viikot 10 ja 11! Eri maiden kirjallisuuteen keskittyv\u00e4\u00e4n n\u00e4yttelyyn on valikoitu Naistenp\u00e4iv\u00e4n 8.3. kunniaksi eri kielitaustaisten naiskirjailijoiden teoksia. Tervetuloa tutustumaan. Kaikki n\u00e4yttelyn kirjat on mahdollista lainata ja ottaa kotiin luettavaksi. N\u00e4yttelyn l\u00f6yd\u00e4t kirjaston portaikosta sek\u00e4 aikuisten osastolta 2. kerroksesta. N\u00e4yttely on avoinna 4.3.2024 [&hellip;]<\/p>\n","protected":false},"author":4,"featured_media":6803,"comment_status":"closed","ping_status":"closed","template":"","meta":{"_monsterinsights_skip_tracking":false,"_monsterinsights_sitenote_active":false,"_monsterinsights_sitenote_note":"","_monsterinsights_sitenote_category":0,"site-sidebar-layout":"default","site-content-layout":"","ast-site-content-layout":"default","site-content-style":"default","site-sidebar-style":"default","ast-global-header-display":"","ast-banner-title-visibility":"","ast-main-header-display":"","ast-hfb-above-header-display":"","ast-hfb-below-header-display":"","ast-hfb-mobile-header-display":"","site-post-title":"","ast-breadcrumbs-content":"","ast-featured-img":"","footer-sml-layout":"","ast-disable-related-posts":"","theme-transparent-header-meta":"default","adv-header-id-meta":"","stick-header-meta":"default","header-above-stick-meta":"","header-main-stick-meta":"","header-below-stick-meta":"","astra-migrate-meta-layouts":"set","ast-page-background-enabled":"default","ast-page-background-meta":{"desktop":{"background-color":"","background-image":"","background-repeat":"repeat","background-position":"center center","background-size":"auto","background-attachment":"scroll","background-type":"","background-media":"","overlay-type":"","overlay-color":"","overlay-opacity":"","overlay-gradient":""},"tablet":{"background-color":"","background-image":"","background-repeat":"repeat","background-position":"center center","background-size":"auto","background-attachment":"scroll","background-type":"","background-media":"","overlay-type":"","overlay-color":"","overlay-opacity":"","overlay-gradient":""},"mobile":{"background-color":"","background-image":"","background-repeat":"repeat","background-position":"center center","background-size":"auto","background-attachment":"scroll","background-type":"","background-media":"","overlay-type":"","overlay-color":"","overlay-opacity":"","overlay-gradient":""}},"ast-content-background-meta":{"desktop":{"background-color":"var(--ast-global-color-5)","background-image":"","background-repeat":"repeat","background-position":"center center","background-size":"auto","background-attachment":"scroll","background-type":"","background-media":"","overlay-type":"","overlay-color":"","overlay-opacity":"","overlay-gradient":""},"tablet":{"background-color":"var(--ast-global-color-5)","background-image":"","background-repeat":"repeat","background-position":"center center","background-size":"auto","background-attachment":"scroll","background-type":"","background-media":"","overlay-type":"","overlay-color":"","overlay-opacity":"","overlay-gradient":""},"mobile":{"background-color":"var(--ast-global-color-5)","background-image":"","background-repeat":"repeat","background-position":"center center","background-size":"auto","background-attachment":"scroll","background-type":"","background-media":"","overlay-type":"","overlay-color":"","overlay-opacity":"","overlay-gradient":""}}},"eventer-tag":[509,306,366],"eventer-venue":[793,340],"eventer-organizer":[782],"class_list":{"0":"post-8605","2":"type-eventer","3":"status-publish","4":"has-post-thumbnail","5":"hentry","6":"eventer-tag-installaatiot-ja-nayttelyt","7":"eventer-tag-kirjanayttely","8":"eventer-tag-monikielinen","9":"eventer-venue-tikkurilan-kirjasto","10":"eventer-venue-vantaa","11":"eventer-organizer-vantaan-kaupunginkirjasto"},"eventer_organizer":{"term":"Vantaan kaupunginkirjasto"},"eventer_venue":{"term":"Tikkurilan kirjasto"},"eventer_category":"","eventer_tag":{"id":509,"term":"installaatiot-ja-nayttelyt","name":"Installaatiot ja n\u00e4yttelyt"},"_links":{"self":[{"href":"https:\/\/satakielikuukausi.fi\/sv\/wp-json\/wp\/v2\/eventer\/8605","targetHints":{"allow":["GET"]}}],"collection":[{"href":"https:\/\/satakielikuukausi.fi\/sv\/wp-json\/wp\/v2\/eventer"}],"about":[{"href":"https:\/\/satakielikuukausi.fi\/sv\/wp-json\/wp\/v2\/types\/eventer"}],"author":[{"embeddable":true,"href":"https:\/\/satakielikuukausi.fi\/sv\/wp-json\/wp\/v2\/users\/4"}],"replies":[{"embeddable":true,"href":"https:\/\/satakielikuukausi.fi\/sv\/wp-json\/wp\/v2\/comments?post=8605"}],"wp:featuredmedia":[{"embeddable":true,"href":"https:\/\/satakielikuukausi.fi\/sv\/wp-json\/wp\/v2\/media\/6803"}],"wp:attachment":[{"href":"https:\/\/satakielikuukausi.fi\/sv\/wp-json\/wp\/v2\/media?parent=8605"}],"wp:term":[{"taxonomy":"eventer-tag","embeddable":true,"href":"https:\/\/satakielikuukausi.fi\/sv\/wp-json\/wp\/v2\/eventer-tag?post=8605"},{"taxonomy":"eventer-venue","embeddable":true,"href":"https:\/\/satakielikuukausi.fi\/sv\/wp-json\/wp\/v2\/eventer-venue?post=8605"},{"taxonomy":"eventer-organizer","embeddable":true,"href":"https:\/\/satakielikuukausi.fi\/sv\/wp-json\/wp\/v2\/eventer-organizer?post=8605"}],"curies":[{"name":"wp","href":"https:\/\/api.w.org\/{rel}","templated":true}]}}