{"id":8469,"date":"2024-02-14T00:29:12","date_gmt":"2024-02-13T22:29:12","guid":{"rendered":"https:\/\/satakielikuukausi.fi\/tapahtuma\/lectura-en-espanol-espanjankielinen-lukutuokio\/"},"modified":"2024-02-14T00:37:43","modified_gmt":"2024-02-13T22:37:43","slug":"lectura-en-espanol-espanjankielinen-lukutuokio","status":"publish","type":"eventer","link":"https:\/\/satakielikuukausi.fi\/en\/tapahtuma\/lectura-en-espanol-espanjankielinen-lukutuokio\/","title":{"rendered":"Lectura en Espa\u00f1ol &#8211; espanjankielinen lukutuokio"},"content":{"rendered":"<p>Kansainv\u00e4list\u00e4 \u00e4idinkielen p\u00e4iv\u00e4\u00e4 on juhlistettu vuosittain helmikuussa vuodesta 1999 l\u00e4htien. Oulun espanjankieliset ry El Patio kutsuu teid\u00e4t juhlistamaan kielellist\u00e4 monimuotoisuutta lukutapahtumaan, Lectura en Espa\u00f1ol, jossa luemme suomalaista kirjallisuutta espanjaksi k\u00e4\u00e4nnettyn\u00e4.<\/p>\n<p>Tule sunnuntaina 25. helmikuuta 2024 klo 14:55 &#8211; 16:00 Pekurin kirjastoon Oulussa kuuntelemaan tarinoita espanjaksi, natiivien lukemina. Samalla saat pienen n\u00e4ytteen espanjan kielen monista aksenteista!<\/p>\n<p>Tapahtuman j\u00e4rjest\u00e4\u00e4 Oulun espanjankieliset ry\/El asociaci\u00f3n hispanohablante de Oulu<\/p>\n<p><a href=\"https:\/\/tapahtumat.munoulu.fi\/fi-FI\/page\/65c36e65fcd39016d13b4293?count=24&amp;sort=creationDate&amp;reverse=true\" target=\"_blank\" rel=\"noopener\">Linkki tapahtumaan.<\/a><\/p>\n<p>Vapaa p\u00e4\u00e4sy \/ Fritt intr\u00e4de \/ Free entrance.<\/p>\n","protected":false},"excerpt":{"rendered":"<p>Kansainv\u00e4list\u00e4 \u00e4idinkielen p\u00e4iv\u00e4\u00e4 on juhlistettu vuosittain helmikuussa vuodesta 1999 l\u00e4htien. Oulun espanjankieliset ry El Patio kutsuu teid\u00e4t juhlistamaan kielellist\u00e4 monimuotoisuutta lukutapahtumaan, Lectura en Espa\u00f1ol, jossa luemme suomalaista kirjallisuutta espanjaksi k\u00e4\u00e4nnettyn\u00e4. Tule sunnuntaina 25. helmikuuta 2024 klo 14:55 &#8211; 16:00 Pekurin kirjastoon Oulussa kuuntelemaan tarinoita espanjaksi, natiivien lukemina. Samalla saat pienen n\u00e4ytteen espanjan kielen monista aksenteista! [&hellip;]<\/p>\n","protected":false},"author":4,"featured_media":8407,"comment_status":"closed","ping_status":"closed","template":"","meta":{"_monsterinsights_skip_tracking":false,"_monsterinsights_sitenote_active":false,"_monsterinsights_sitenote_note":"","_monsterinsights_sitenote_category":0,"site-sidebar-layout":"default","site-content-layout":"","ast-site-content-layout":"default","site-content-style":"default","site-sidebar-style":"default","ast-global-header-display":"","ast-banner-title-visibility":"","ast-main-header-display":"","ast-hfb-above-header-display":"","ast-hfb-below-header-display":"","ast-hfb-mobile-header-display":"","site-post-title":"","ast-breadcrumbs-content":"","ast-featured-img":"","footer-sml-layout":"","ast-disable-related-posts":"","theme-transparent-header-meta":"default","adv-header-id-meta":"","stick-header-meta":"default","header-above-stick-meta":"","header-main-stick-meta":"","header-below-stick-meta":"","astra-migrate-meta-layouts":"set","ast-page-background-enabled":"default","ast-page-background-meta":{"desktop":{"background-color":"","background-image":"","background-repeat":"repeat","background-position":"center center","background-size":"auto","background-attachment":"scroll","background-type":"","background-media":"","overlay-type":"","overlay-color":"","overlay-opacity":"","overlay-gradient":""},"tablet":{"background-color":"","background-image":"","background-repeat":"repeat","background-position":"center center","background-size":"auto","background-attachment":"scroll","background-type":"","background-media":"","overlay-type":"","overlay-color":"","overlay-opacity":"","overlay-gradient":""},"mobile":{"background-color":"","background-image":"","background-repeat":"repeat","background-position":"center center","background-size":"auto","background-attachment":"scroll","background-type":"","background-media":"","overlay-type":"","overlay-color":"","overlay-opacity":"","overlay-gradient":""}},"ast-content-background-meta":{"desktop":{"background-color":"var(--ast-global-color-5)","background-image":"","background-repeat":"repeat","background-position":"center center","background-size":"auto","background-attachment":"scroll","background-type":"","background-media":"","overlay-type":"","overlay-color":"","overlay-opacity":"","overlay-gradient":""},"tablet":{"background-color":"var(--ast-global-color-5)","background-image":"","background-repeat":"repeat","background-position":"center center","background-size":"auto","background-attachment":"scroll","background-type":"","background-media":"","overlay-type":"","overlay-color":"","overlay-opacity":"","overlay-gradient":""},"mobile":{"background-color":"var(--ast-global-color-5)","background-image":"","background-repeat":"repeat","background-position":"center center","background-size":"auto","background-attachment":"scroll","background-type":"","background-media":"","overlay-type":"","overlay-color":"","overlay-opacity":"","overlay-gradient":""}}},"eventer-tag":[330,403],"eventer-venue":[804],"eventer-organizer":[803],"class_list":{"0":"post-8469","2":"type-eventer","3":"status-publish","4":"has-post-thumbnail","5":"hentry","6":"eventer-tag-espanja","7":"eventer-tag-lukuhetki","8":"eventer-venue-pekurin-kirjasto","9":"eventer-organizer-oulun-espanjankieliset-ry-el-asociacion-hispanohablante-de-oulu"},"eventer_organizer":{"term":"Oulun espanjankieliset ry\/El asociaci\u00f3n hispanohablante de Oulu"},"eventer_venue":{"term":"Pekurin kirjasto"},"eventer_category":"","eventer_tag":{"id":330,"term":"espanja","name":"espanja"},"_links":{"self":[{"href":"https:\/\/satakielikuukausi.fi\/en\/wp-json\/wp\/v2\/eventer\/8469","targetHints":{"allow":["GET"]}}],"collection":[{"href":"https:\/\/satakielikuukausi.fi\/en\/wp-json\/wp\/v2\/eventer"}],"about":[{"href":"https:\/\/satakielikuukausi.fi\/en\/wp-json\/wp\/v2\/types\/eventer"}],"author":[{"embeddable":true,"href":"https:\/\/satakielikuukausi.fi\/en\/wp-json\/wp\/v2\/users\/4"}],"replies":[{"embeddable":true,"href":"https:\/\/satakielikuukausi.fi\/en\/wp-json\/wp\/v2\/comments?post=8469"}],"wp:featuredmedia":[{"embeddable":true,"href":"https:\/\/satakielikuukausi.fi\/en\/wp-json\/wp\/v2\/media\/8407"}],"wp:attachment":[{"href":"https:\/\/satakielikuukausi.fi\/en\/wp-json\/wp\/v2\/media?parent=8469"}],"wp:term":[{"taxonomy":"eventer-tag","embeddable":true,"href":"https:\/\/satakielikuukausi.fi\/en\/wp-json\/wp\/v2\/eventer-tag?post=8469"},{"taxonomy":"eventer-venue","embeddable":true,"href":"https:\/\/satakielikuukausi.fi\/en\/wp-json\/wp\/v2\/eventer-venue?post=8469"},{"taxonomy":"eventer-organizer","embeddable":true,"href":"https:\/\/satakielikuukausi.fi\/en\/wp-json\/wp\/v2\/eventer-organizer?post=8469"}],"curies":[{"name":"wp","href":"https:\/\/api.w.org\/{rel}","templated":true}]}}